{"id":1382,"date":"2019-11-12T03:58:26","date_gmt":"2019-11-12T02:58:26","guid":{"rendered":"https:\/\/www.residenceweiss.com\/wohnungen\/"},"modified":"2025-01-27T12:15:39","modified_gmt":"2025-01-27T11:15:39","slug":"wohnungen","status":"publish","type":"page","link":"https:\/\/www.residenceweiss.com\/de\/wohnungen\/","title":{"rendered":"Wohnungen"},"content":{"rendered":"\t\t<div data-elementor-type=\"wp-page\" data-elementor-id=\"1382\" class=\"elementor elementor-1382\">\n\t\t\t\t\t\t<section class=\"elementor-section elementor-top-section elementor-element elementor-element-170e5dd elementor-section-boxed elementor-section-height-default elementor-section-height-default\" data-id=\"170e5dd\" data-element_type=\"section\">\n\t\t\t\t\t\t<div class=\"elementor-container elementor-column-gap-default\">\n\t\t\t\t\t<div class=\"elementor-column elementor-col-100 elementor-top-column elementor-element elementor-element-6af00db\" data-id=\"6af00db\" data-element_type=\"column\">\n\t\t\t<div class=\"elementor-widget-wrap elementor-element-populated\">\n\t\t\t\t\t\t<div class=\"elementor-element elementor-element-7c4a992 elementor-widget elementor-widget-text-editor\" data-id=\"7c4a992\" data-element_type=\"widget\" data-widget_type=\"text-editor.default\">\n\t\t\t\t<div class=\"elementor-widget-container\">\n\t\t\t\t\t\t\t\t\t<p>Die Apartments der Residence Weiss in Vigo di Fassa im Herzen des Fassatals inmitten der spektakul\u00e4ren Dolomiten sind die perfekte Wahl f\u00fcr alle, die sich im Urlaub Komfort, Platz und eine einladende Umgebung w\u00fcnschen. Jedes der 75 m\u00b2 gro\u00dfen Apartments ist gepflegt und auf maximale Entspannung ausgelegt. Die einladende Einrichtung und die Details garantieren einen unvergesslichen Aufenthalt. Die Wohnungen verf\u00fcgen \u00fcber einen Garten oder einen S\u00fcdbalkon, der einen herrlichen Panoramablick auf die majest\u00e4tische Zw\u00f6lferspitze und den Rosengarten bietet, zwei der symboltr\u00e4chtigsten Gipfel der Dolomiten.<\/p>\t\t\t\t\t\t\t\t<\/div>\n\t\t\t\t<\/div>\n\t\t\t\t<div class=\"elementor-element elementor-element-174688d elementor-widget elementor-widget-dinso_apartments\" data-id=\"174688d\" data-element_type=\"widget\" data-widget_type=\"dinso_apartments.default\">\n\t\t\t\t<div class=\"elementor-widget-container\">\n\t\t\t\t\t\t\t<!-- Apartments Section -->\r\n\t\t<section class=\"apartments-section\">\r\n\t\t\t<div class=\"auto-container\">\r\n\t\t\t\t<div class=\"row\">\r\n\t\t\t\t\t<!-- Apartment Block -->\r\n\t\t\t\t\t\t\t\t\t<div class=\"apartment-block col-lg-4 col-md-6 col-sm-12 wow fadeInUp\">\r\n\t\t\t\t\t\t\t\t<div class=\"inner-box\">\r\n\t\t\t\t\t\t\t\t\t<div class=\"image-box\">\r\n\t\t\t\t\t\t\t\t\t\t<figure class=\"image\">\r\n\t\t\t\t\t\t\t\t\t\t\t<a href=\"https:\/\/www.residenceweiss.com\/de\/apartments\/appartamento-1\/\">\r\n\t\t\t\t\t\t\t\t\t\t\t\t<img decoding=\"async\" src=\"https:\/\/www.residenceweiss.com\/wp-content\/uploads\/2019\/11\/App-1-038.jpg\" alt=\"\">\r\n\t\t\t\t\t\t\t\t\t\t\t<\/a>\r\n\t\t\t\t\t\t\t\t\t\t<\/figure>\r\n\t\t\t\t\t\t\t\t\t<\/div>\r\n\t\t\t\t\t\t\t\t\t<div class=\"info-box\">\r\n\t\t\t\t\t\t\t\t\t\t<h4><a href=\"https:\/\/www.residenceweiss.com\/de\/apartments\/appartamento-1\/\">Wohnung 1<\/a><\/h4>\r\n\t\t\t\t\t\t\t\t\t\t<a href=\"https:\/\/www.residenceweiss.com\/de\/apartments\/appartamento-1\/\" class=\"read-more\">Explore Now<\/a>\r\n\t\t\t\t\t\t\t\t\t<\/div>\r\n\t\t\t\t\t\t\t\t<\/div>\r\n\t\t\t\t\t\t\t<\/div>\r\n\t\t\t\t\t\t\t\t\t\t\t<div class=\"apartment-block col-lg-4 col-md-6 col-sm-12 wow fadeInUp\">\r\n\t\t\t\t\t\t\t\t<div class=\"inner-box\">\r\n\t\t\t\t\t\t\t\t\t<div class=\"image-box\">\r\n\t\t\t\t\t\t\t\t\t\t<figure class=\"image\">\r\n\t\t\t\t\t\t\t\t\t\t\t<a href=\"https:\/\/www.residenceweiss.com\/de\/apartments\/appartamento-3\/\">\r\n\t\t\t\t\t\t\t\t\t\t\t\t<img decoding=\"async\" src=\"https:\/\/www.residenceweiss.com\/wp-content\/uploads\/2019\/11\/App-3-004.jpg\" alt=\"\">\r\n\t\t\t\t\t\t\t\t\t\t\t<\/a>\r\n\t\t\t\t\t\t\t\t\t\t<\/figure>\r\n\t\t\t\t\t\t\t\t\t<\/div>\r\n\t\t\t\t\t\t\t\t\t<div class=\"info-box\">\r\n\t\t\t\t\t\t\t\t\t\t<h4><a href=\"https:\/\/www.residenceweiss.com\/de\/apartments\/appartamento-3\/\">Wohnung 3<\/a><\/h4>\r\n\t\t\t\t\t\t\t\t\t\t<a href=\"https:\/\/www.residenceweiss.com\/de\/apartments\/appartamento-3\/\" class=\"read-more\">Explore Now<\/a>\r\n\t\t\t\t\t\t\t\t\t<\/div>\r\n\t\t\t\t\t\t\t\t<\/div>\r\n\t\t\t\t\t\t\t<\/div>\r\n\t\t\t\t\t\t\t\t\t\t\t<div class=\"apartment-block col-lg-4 col-md-6 col-sm-12 wow fadeInUp\">\r\n\t\t\t\t\t\t\t\t<div class=\"inner-box\">\r\n\t\t\t\t\t\t\t\t\t<div class=\"image-box\">\r\n\t\t\t\t\t\t\t\t\t\t<figure class=\"image\">\r\n\t\t\t\t\t\t\t\t\t\t\t<a href=\"https:\/\/www.residenceweiss.com\/de\/apartments\/appartamento-4\/\">\r\n\t\t\t\t\t\t\t\t\t\t\t\t<img decoding=\"async\" src=\"https:\/\/www.residenceweiss.com\/wp-content\/uploads\/2019\/11\/App-4-027.jpg\" alt=\"\">\r\n\t\t\t\t\t\t\t\t\t\t\t<\/a>\r\n\t\t\t\t\t\t\t\t\t\t<\/figure>\r\n\t\t\t\t\t\t\t\t\t<\/div>\r\n\t\t\t\t\t\t\t\t\t<div class=\"info-box\">\r\n\t\t\t\t\t\t\t\t\t\t<h4><a href=\"https:\/\/www.residenceweiss.com\/de\/apartments\/appartamento-4\/\">Wohnung 4<\/a><\/h4>\r\n\t\t\t\t\t\t\t\t\t\t<a href=\"https:\/\/www.residenceweiss.com\/de\/apartments\/appartamento-4\/\" class=\"read-more\">Explore Now<\/a>\r\n\t\t\t\t\t\t\t\t\t<\/div>\r\n\t\t\t\t\t\t\t\t<\/div>\r\n\t\t\t\t\t\t\t<\/div>\r\n\t\t\t\t\t\t\t\t<\/div>\r\n\t\t\t<\/div>\r\n\t\t<\/section>\r\n\t\t\t\t\t\t<\/div>\n\t\t\t\t<\/div>\n\t\t\t\t<div class=\"elementor-element elementor-element-7cb2e29 elementor-widget elementor-widget-text-editor\" data-id=\"7cb2e29\" data-element_type=\"widget\" data-widget_type=\"text-editor.default\">\n\t\t\t\t<div class=\"elementor-widget-container\">\n\t\t\t\t\t\t\t\t\t<p>Die Apartments bieten Platz f\u00fcr 4 bis 6 Personen und bestehen aus einem hellen Wohnzimmer und einer Lounge mit gro\u00dfen Fenstern, einer separaten, voll ausgestatteten K\u00fcche, einem Schlafzimmer mit Doppelbett, einem zweiten Schlafzimmer mit Einzel- oder Etagenbetten und einem modernen Badezimmer mit Dusche. In einigen Apartments besteht die M\u00f6glichkeit, im Wohnbereich zwei Einzelbetten oder ein Doppelbett hinzuzuf\u00fcgen, was maximale Flexibilit\u00e4t f\u00fcr Familien oder Freundesgruppen gew\u00e4hrleistet. F\u00fcr noch mehr Komfort und Bequemlichkeit sind auch L\u00f6sungen mit Doppelbadezimmer verf\u00fcgbar.<\/p><p>In der Residence Weiss sind Haustiere nach vorheriger Absprache willkommen, um auch denjenigen, die mit ihren vierbeinigen Freunden reisen, einen angenehmen Aufenthalt zu erm\u00f6glichen. Die Ankunftszeiten sind ab 17:00 Uhr festgelegt, w\u00e4hrend der Check-out bis 10:00 Uhr erfolgen muss, um eine optimale Verwaltung der Unterk\u00fcnfte zu erm\u00f6glichen. Wenn Sie sich f\u00fcr die Apartments der Residence Weiss entscheiden, erleben Sie das Fassatal und die Dolomiten in vollen Z\u00fcgen, eingebettet in eine Naturlandschaft von au\u00dfergew\u00f6hnlicher Sch\u00f6nheit und mit allem Komfort eines zweiten Zuhauses.<\/p>\t\t\t\t\t\t\t\t<\/div>\n\t\t\t\t<\/div>\n\t\t\t\t\t<\/div>\n\t\t<\/div>\n\t\t\t\t\t<\/div>\n\t\t<\/section>\n\t\t\t\t<\/div>\n\t\t","protected":false},"excerpt":{"rendered":"<p>Die Apartments der Residence Weiss in Vigo di Fassa [&hellip;]<\/p>\n","protected":false},"author":1,"featured_media":1310,"parent":0,"menu_order":0,"comment_status":"closed","ping_status":"closed","template":"elementor_header_footer","meta":{"footnotes":""},"class_list":["post-1382","page","type-page","status-publish","has-post-thumbnail","hentry"],"yoast_head":"<!-- This site is optimized with the Yoast SEO plugin v26.8 - https:\/\/yoast.com\/product\/yoast-seo-wordpress\/ -->\n<title>Wohnungen - Residence Weiss<\/title>\n<meta name=\"robots\" content=\"index, follow, max-snippet:-1, max-image-preview:large, max-video-preview:-1\" \/>\n<link rel=\"canonical\" href=\"https:\/\/www.residenceweiss.com\/de\/wohnungen\/\" \/>\n<meta property=\"og:locale\" content=\"de_DE\" \/>\n<meta property=\"og:type\" content=\"article\" \/>\n<meta property=\"og:title\" content=\"Wohnungen - Residence Weiss\" \/>\n<meta property=\"og:description\" content=\"Die Apartments der Residence Weiss in Vigo di Fassa [&hellip;]\" \/>\n<meta property=\"og:url\" content=\"https:\/\/www.residenceweiss.com\/de\/wohnungen\/\" \/>\n<meta property=\"og:site_name\" content=\"Residence Weiss\" \/>\n<meta property=\"article:modified_time\" content=\"2025-01-27T11:15:39+00:00\" \/>\n<meta property=\"og:image\" content=\"https:\/\/www.residenceweiss.com\/wp-content\/uploads\/2024\/11\/banner-appartamenti.jpg\" \/>\n\t<meta property=\"og:image:width\" content=\"2500\" \/>\n\t<meta property=\"og:image:height\" content=\"756\" \/>\n\t<meta property=\"og:image:type\" content=\"image\/jpeg\" \/>\n<meta name=\"twitter:card\" content=\"summary_large_image\" \/>\n<meta name=\"twitter:label1\" content=\"Gesch\u00e4tzte Lesezeit\" \/>\n\t<meta name=\"twitter:data1\" content=\"2\u00a0Minuten\" \/>\n<script type=\"application\/ld+json\" class=\"yoast-schema-graph\">{\"@context\":\"https:\/\/schema.org\",\"@graph\":[{\"@type\":\"WebPage\",\"@id\":\"https:\/\/www.residenceweiss.com\/de\/wohnungen\/\",\"url\":\"https:\/\/www.residenceweiss.com\/de\/wohnungen\/\",\"name\":\"Wohnungen - Residence Weiss\",\"isPartOf\":{\"@id\":\"https:\/\/www.residenceweiss.com\/#website\"},\"primaryImageOfPage\":{\"@id\":\"https:\/\/www.residenceweiss.com\/de\/wohnungen\/#primaryimage\"},\"image\":{\"@id\":\"https:\/\/www.residenceweiss.com\/de\/wohnungen\/#primaryimage\"},\"thumbnailUrl\":\"https:\/\/www.residenceweiss.com\/wp-content\/uploads\/2024\/11\/banner-appartamenti.jpg\",\"datePublished\":\"2019-11-12T02:58:26+00:00\",\"dateModified\":\"2025-01-27T11:15:39+00:00\",\"breadcrumb\":{\"@id\":\"https:\/\/www.residenceweiss.com\/de\/wohnungen\/#breadcrumb\"},\"inLanguage\":\"de\",\"potentialAction\":[{\"@type\":\"ReadAction\",\"target\":[\"https:\/\/www.residenceweiss.com\/de\/wohnungen\/\"]}]},{\"@type\":\"ImageObject\",\"inLanguage\":\"de\",\"@id\":\"https:\/\/www.residenceweiss.com\/de\/wohnungen\/#primaryimage\",\"url\":\"https:\/\/www.residenceweiss.com\/wp-content\/uploads\/2024\/11\/banner-appartamenti.jpg\",\"contentUrl\":\"https:\/\/www.residenceweiss.com\/wp-content\/uploads\/2024\/11\/banner-appartamenti.jpg\",\"width\":2500,\"height\":756},{\"@type\":\"BreadcrumbList\",\"@id\":\"https:\/\/www.residenceweiss.com\/de\/wohnungen\/#breadcrumb\",\"itemListElement\":[{\"@type\":\"ListItem\",\"position\":1,\"name\":\"Home\",\"item\":\"https:\/\/www.residenceweiss.com\/de\/\"},{\"@type\":\"ListItem\",\"position\":2,\"name\":\"Wohnungen\"}]},{\"@type\":\"WebSite\",\"@id\":\"https:\/\/www.residenceweiss.com\/#website\",\"url\":\"https:\/\/www.residenceweiss.com\/\",\"name\":\"Residence Weiss\",\"description\":\"Appartamenti turistici a Vigo di Fassa\",\"publisher\":{\"@id\":\"https:\/\/www.residenceweiss.com\/#organization\"},\"potentialAction\":[{\"@type\":\"SearchAction\",\"target\":{\"@type\":\"EntryPoint\",\"urlTemplate\":\"https:\/\/www.residenceweiss.com\/?s={search_term_string}\"},\"query-input\":{\"@type\":\"PropertyValueSpecification\",\"valueRequired\":true,\"valueName\":\"search_term_string\"}}],\"inLanguage\":\"de\"},{\"@type\":\"Organization\",\"@id\":\"https:\/\/www.residenceweiss.com\/#organization\",\"name\":\"Residence Weiss\",\"url\":\"https:\/\/www.residenceweiss.com\/\",\"logo\":{\"@type\":\"ImageObject\",\"inLanguage\":\"de\",\"@id\":\"https:\/\/www.residenceweiss.com\/#\/schema\/logo\/image\/\",\"url\":\"https:\/\/www.residenceweiss.com\/wp-content\/uploads\/2024\/11\/cropped-logo-2024-orizzontale-300.png\",\"contentUrl\":\"https:\/\/www.residenceweiss.com\/wp-content\/uploads\/2024\/11\/cropped-logo-2024-orizzontale-300.png\",\"width\":300,\"height\":93,\"caption\":\"Residence Weiss\"},\"image\":{\"@id\":\"https:\/\/www.residenceweiss.com\/#\/schema\/logo\/image\/\"}}]}<\/script>\n<!-- \/ Yoast SEO plugin. -->","yoast_head_json":{"title":"Wohnungen - Residence Weiss","robots":{"index":"index","follow":"follow","max-snippet":"max-snippet:-1","max-image-preview":"max-image-preview:large","max-video-preview":"max-video-preview:-1"},"canonical":"https:\/\/www.residenceweiss.com\/de\/wohnungen\/","og_locale":"de_DE","og_type":"article","og_title":"Wohnungen - Residence Weiss","og_description":"Die Apartments der Residence Weiss in Vigo di Fassa [&hellip;]","og_url":"https:\/\/www.residenceweiss.com\/de\/wohnungen\/","og_site_name":"Residence Weiss","article_modified_time":"2025-01-27T11:15:39+00:00","og_image":[{"width":2500,"height":756,"url":"https:\/\/www.residenceweiss.com\/wp-content\/uploads\/2024\/11\/banner-appartamenti.jpg","type":"image\/jpeg"}],"twitter_card":"summary_large_image","twitter_misc":{"Gesch\u00e4tzte Lesezeit":"2\u00a0Minuten"},"schema":{"@context":"https:\/\/schema.org","@graph":[{"@type":"WebPage","@id":"https:\/\/www.residenceweiss.com\/de\/wohnungen\/","url":"https:\/\/www.residenceweiss.com\/de\/wohnungen\/","name":"Wohnungen - Residence Weiss","isPartOf":{"@id":"https:\/\/www.residenceweiss.com\/#website"},"primaryImageOfPage":{"@id":"https:\/\/www.residenceweiss.com\/de\/wohnungen\/#primaryimage"},"image":{"@id":"https:\/\/www.residenceweiss.com\/de\/wohnungen\/#primaryimage"},"thumbnailUrl":"https:\/\/www.residenceweiss.com\/wp-content\/uploads\/2024\/11\/banner-appartamenti.jpg","datePublished":"2019-11-12T02:58:26+00:00","dateModified":"2025-01-27T11:15:39+00:00","breadcrumb":{"@id":"https:\/\/www.residenceweiss.com\/de\/wohnungen\/#breadcrumb"},"inLanguage":"de","potentialAction":[{"@type":"ReadAction","target":["https:\/\/www.residenceweiss.com\/de\/wohnungen\/"]}]},{"@type":"ImageObject","inLanguage":"de","@id":"https:\/\/www.residenceweiss.com\/de\/wohnungen\/#primaryimage","url":"https:\/\/www.residenceweiss.com\/wp-content\/uploads\/2024\/11\/banner-appartamenti.jpg","contentUrl":"https:\/\/www.residenceweiss.com\/wp-content\/uploads\/2024\/11\/banner-appartamenti.jpg","width":2500,"height":756},{"@type":"BreadcrumbList","@id":"https:\/\/www.residenceweiss.com\/de\/wohnungen\/#breadcrumb","itemListElement":[{"@type":"ListItem","position":1,"name":"Home","item":"https:\/\/www.residenceweiss.com\/de\/"},{"@type":"ListItem","position":2,"name":"Wohnungen"}]},{"@type":"WebSite","@id":"https:\/\/www.residenceweiss.com\/#website","url":"https:\/\/www.residenceweiss.com\/","name":"Residence Weiss","description":"Appartamenti turistici a Vigo di Fassa","publisher":{"@id":"https:\/\/www.residenceweiss.com\/#organization"},"potentialAction":[{"@type":"SearchAction","target":{"@type":"EntryPoint","urlTemplate":"https:\/\/www.residenceweiss.com\/?s={search_term_string}"},"query-input":{"@type":"PropertyValueSpecification","valueRequired":true,"valueName":"search_term_string"}}],"inLanguage":"de"},{"@type":"Organization","@id":"https:\/\/www.residenceweiss.com\/#organization","name":"Residence Weiss","url":"https:\/\/www.residenceweiss.com\/","logo":{"@type":"ImageObject","inLanguage":"de","@id":"https:\/\/www.residenceweiss.com\/#\/schema\/logo\/image\/","url":"https:\/\/www.residenceweiss.com\/wp-content\/uploads\/2024\/11\/cropped-logo-2024-orizzontale-300.png","contentUrl":"https:\/\/www.residenceweiss.com\/wp-content\/uploads\/2024\/11\/cropped-logo-2024-orizzontale-300.png","width":300,"height":93,"caption":"Residence Weiss"},"image":{"@id":"https:\/\/www.residenceweiss.com\/#\/schema\/logo\/image\/"}}]}},"_links":{"self":[{"href":"https:\/\/www.residenceweiss.com\/de\/wp-json\/wp\/v2\/pages\/1382","targetHints":{"allow":["GET"]}}],"collection":[{"href":"https:\/\/www.residenceweiss.com\/de\/wp-json\/wp\/v2\/pages"}],"about":[{"href":"https:\/\/www.residenceweiss.com\/de\/wp-json\/wp\/v2\/types\/page"}],"author":[{"embeddable":true,"href":"https:\/\/www.residenceweiss.com\/de\/wp-json\/wp\/v2\/users\/1"}],"replies":[{"embeddable":true,"href":"https:\/\/www.residenceweiss.com\/de\/wp-json\/wp\/v2\/comments?post=1382"}],"version-history":[{"count":3,"href":"https:\/\/www.residenceweiss.com\/de\/wp-json\/wp\/v2\/pages\/1382\/revisions"}],"predecessor-version":[{"id":1667,"href":"https:\/\/www.residenceweiss.com\/de\/wp-json\/wp\/v2\/pages\/1382\/revisions\/1667"}],"wp:featuredmedia":[{"embeddable":true,"href":"https:\/\/www.residenceweiss.com\/de\/wp-json\/wp\/v2\/media\/1310"}],"wp:attachment":[{"href":"https:\/\/www.residenceweiss.com\/de\/wp-json\/wp\/v2\/media?parent=1382"}],"curies":[{"name":"wp","href":"https:\/\/api.w.org\/{rel}","templated":true}]}}